{"id":38,"date":"2023-12-13T15:12:38","date_gmt":"2023-12-13T14:12:38","guid":{"rendered":"https:\/\/circame.fr\/?page_id=38"},"modified":"2026-02-03T15:10:23","modified_gmt":"2026-02-03T14:10:23","slug":"cohorte-circame-8","status":"publish","type":"page","link":"https:\/\/circame.fr\/index.php\/cohorte-circame-8\/","title":{"rendered":"Questions fr\u00e9quentes"},"content":{"rendered":"\t\t<div data-elementor-type=\"wp-page\" data-elementor-id=\"38\" class=\"elementor elementor-38\">\n\t\t\t\t\t\t\t<div class=\"elementor-element elementor-element-aefabfb e-flex e-con-boxed e-con e-parent\" data-id=\"aefabfb\" data-element_type=\"container\" data-settings=\"{&quot;content_width&quot;:&quot;boxed&quot;}\" data-core-v316-plus=\"true\">\n\t\t\t\t\t<div class=\"e-con-inner\">\n\t\t\t\t<div class=\"elementor-element elementor-element-17224eb elementor-widget elementor-widget-accordion\" data-id=\"17224eb\" data-element_type=\"widget\" data-widget_type=\"accordion.default\">\n\t\t\t\t<div class=\"elementor-widget-container\">\n\t\t\t<style>\/*! elementor - v3.18.0 - 08-12-2023 *\/\n.elementor-accordion{text-align:left}.elementor-accordion .elementor-accordion-item{border:1px solid #d5d8dc}.elementor-accordion .elementor-accordion-item+.elementor-accordion-item{border-top:none}.elementor-accordion .elementor-tab-title{margin:0;padding:15px 20px;font-weight:700;line-height:1;cursor:pointer;outline:none}.elementor-accordion .elementor-tab-title .elementor-accordion-icon{display:inline-block;width:1.5em}.elementor-accordion .elementor-tab-title .elementor-accordion-icon svg{width:1em;height:1em}.elementor-accordion .elementor-tab-title .elementor-accordion-icon.elementor-accordion-icon-right{float:right;text-align:right}.elementor-accordion .elementor-tab-title .elementor-accordion-icon.elementor-accordion-icon-left{float:left;text-align:left}.elementor-accordion .elementor-tab-title .elementor-accordion-icon .elementor-accordion-icon-closed{display:block}.elementor-accordion .elementor-tab-title .elementor-accordion-icon .elementor-accordion-icon-opened,.elementor-accordion .elementor-tab-title.elementor-active .elementor-accordion-icon-closed{display:none}.elementor-accordion .elementor-tab-title.elementor-active .elementor-accordion-icon-opened{display:block}.elementor-accordion .elementor-tab-content{display:none;padding:15px 20px;border-top:1px solid #d5d8dc}@media (max-width:767px){.elementor-accordion .elementor-tab-title{padding:12px 15px}.elementor-accordion .elementor-tab-title .elementor-accordion-icon{width:1.2em}.elementor-accordion .elementor-tab-content{padding:7px 15px}}.e-con-inner>.elementor-widget-accordion,.e-con>.elementor-widget-accordion{width:var(--container-widget-width);--flex-grow:var(--container-widget-flex-grow)}<\/style>\t\t<div class=\"elementor-accordion\">\n\t\t\t\t\t\t\t<div class=\"elementor-accordion-item\">\n\t\t\t\t\t<div id=\"elementor-tab-title-2421\" class=\"elementor-tab-title\" data-tab=\"1\" role=\"button\" aria-controls=\"elementor-tab-content-2421\" aria-expanded=\"false\">\n\t\t\t\t\t\t\t\t\t\t\t\t\t<span class=\"elementor-accordion-icon elementor-accordion-icon-left\" aria-hidden=\"true\">\n\t\t\t\t\t\t\t\t\t\t\t\t\t\t\t<span class=\"elementor-accordion-icon-closed\"><svg class=\"e-font-icon-svg e-fas-plus\" viewBox=\"0 0 448 512\" xmlns=\"http:\/\/www.w3.org\/2000\/svg\"><path d=\"M416 208H272V64c0-17.67-14.33-32-32-32h-32c-17.67 0-32 14.33-32 32v144H32c-17.67 0-32 14.33-32 32v32c0 17.67 14.33 32 32 32h144v144c0 17.67 14.33 32 32 32h32c17.67 0 32-14.33 32-32V304h144c17.67 0 32-14.33 32-32v-32c0-17.67-14.33-32-32-32z\"><\/path><\/svg><\/span>\n\t\t\t\t\t\t\t\t<span class=\"elementor-accordion-icon-opened\"><svg class=\"e-font-icon-svg e-fas-minus\" viewBox=\"0 0 448 512\" xmlns=\"http:\/\/www.w3.org\/2000\/svg\"><path d=\"M416 208H32c-17.67 0-32 14.33-32 32v32c0 17.67 14.33 32 32 32h384c17.67 0 32-14.33 32-32v-32c0-17.67-14.33-32-32-32z\"><\/path><\/svg><\/span>\n\t\t\t\t\t\t\t\t\t\t\t\t\t\t<\/span>\n\t\t\t\t\t\t\t\t\t\t\t\t<a class=\"elementor-accordion-title\" tabindex=\"0\">Quel est le but de cette recherche ? <\/a>\n\t\t\t\t\t<\/div>\n\t\t\t\t\t<div id=\"elementor-tab-content-2421\" class=\"elementor-tab-content elementor-clearfix\" data-tab=\"1\" role=\"region\" aria-labelledby=\"elementor-tab-title-2421\"><p>Cette recherche porte sur l\u2019\u00e9valuation des perturbations du rythme circadien (d\u00e9synchronisation des p\u00e9riodes veille\/sommeil avec le rythme de 24 heures jour\/nuit) aupr\u00e8s de patients de centre m\u00e9moire. L\u2019objectif de recherche est d\u2019identifier les perturbations du rythme circadien associ\u00e9es \u00e0 diff\u00e9rents troubles neurocognitifs, \u00e0 partir d\u2019une \u00e9tude observationnelle \u00e0 risques et contraintes mineurs. L\u2019importance du rythme circadien par rapport \u00e0 d\u2019autres facteurs individuels, tels que le mode de vie, les mesures cliniques, biologiques et de sant\u00e9, sera \u00e9galement \u00e9valu\u00e9e. A terme, l\u2019objectif est d\u2019\u00e9valuer si une mesure des perturbations du rythme circadien par une montre enregistrant l\u2019activit\u00e9 (actim\u00e8tre) et d\u2019autres facteurs individuels pourraient \u00eatre utilis\u00e9s pour faciliter le d\u00e9pistage pr\u00e9coce de maladies neurocognitives et la pr\u00e9diction de leur \u00e9volution. <strong>\u00a0<\/strong><\/p><\/div>\n\t\t\t\t<\/div>\n\t\t\t\t\t\t\t<div class=\"elementor-accordion-item\">\n\t\t\t\t\t<div id=\"elementor-tab-title-2422\" class=\"elementor-tab-title\" data-tab=\"2\" role=\"button\" aria-controls=\"elementor-tab-content-2422\" aria-expanded=\"false\">\n\t\t\t\t\t\t\t\t\t\t\t\t\t<span class=\"elementor-accordion-icon elementor-accordion-icon-left\" aria-hidden=\"true\">\n\t\t\t\t\t\t\t\t\t\t\t\t\t\t\t<span class=\"elementor-accordion-icon-closed\"><svg class=\"e-font-icon-svg e-fas-plus\" viewBox=\"0 0 448 512\" xmlns=\"http:\/\/www.w3.org\/2000\/svg\"><path d=\"M416 208H272V64c0-17.67-14.33-32-32-32h-32c-17.67 0-32 14.33-32 32v144H32c-17.67 0-32 14.33-32 32v32c0 17.67 14.33 32 32 32h144v144c0 17.67 14.33 32 32 32h32c17.67 0 32-14.33 32-32V304h144c17.67 0 32-14.33 32-32v-32c0-17.67-14.33-32-32-32z\"><\/path><\/svg><\/span>\n\t\t\t\t\t\t\t\t<span class=\"elementor-accordion-icon-opened\"><svg class=\"e-font-icon-svg e-fas-minus\" viewBox=\"0 0 448 512\" xmlns=\"http:\/\/www.w3.org\/2000\/svg\"><path d=\"M416 208H32c-17.67 0-32 14.33-32 32v32c0 17.67 14.33 32 32 32h384c17.67 0 32-14.33 32-32v-32c0-17.67-14.33-32-32-32z\"><\/path><\/svg><\/span>\n\t\t\t\t\t\t\t\t\t\t\t\t\t\t<\/span>\n\t\t\t\t\t\t\t\t\t\t\t\t<a class=\"elementor-accordion-title\" tabindex=\"0\">En quoi consiste la recherche ?<\/a>\n\t\t\t\t\t<\/div>\n\t\t\t\t\t<div id=\"elementor-tab-content-2422\" class=\"elementor-tab-content elementor-clearfix\" data-tab=\"2\" role=\"region\" aria-labelledby=\"elementor-tab-title-2422\"><p>Dans la recherche propos\u00e9e, nous allons examiner diff\u00e9rents facteurs individuels que nous allons \u00e9valuer lors de la visite d\u2019inclusion, puis nous \u00e9tudierons leur lien avec votre \u00e9tat de sant\u00e9 que nous suivrons sur plusieurs ann\u00e9es. Pour cela, nous vous demandons :<\/p><p>1)\u00a0\u00a0 D\u2019accepter que nous ayons acc\u00e8s \u00e0 votre dossier m\u00e9dical dans le cadre de votre suivi au centre m\u00e9moire et ceci jusqu\u2019en 2041.<\/p><p>2)\u00a0\u00a0 De participer \u00e0 une visite d\u2019inclusion qui durera 90 minutes environ, avec le recueil d\u2019informations \u00e0 partir de questions portant notamment sur votre mode de vie, votre sommeil, et votre sant\u00e9.<\/p><p>3)\u00a0\u00a0 De r\u00e9aliser un test de l\u2019audition lors de la visite d\u2019inclusion qui consiste \u00e0 \u00e9couter des chiffres dans un casque audio reli\u00e9 \u00e0 un mobile ou une tablette \u00e0 partir d\u2019une application d\u00e9velopp\u00e9e par la Fondation pour l\u2019audition. Ce test prend environ 3 \u00e0 4 minutes.<\/p><p>4)\u00a0 D\u2019accepter un pr\u00e9l\u00e8vement sanguin de 25mL pour les besoins de la recherche.<\/p><p>5)\u00a0\u00a0 De porter une montre mesurant l\u2019activit\u00e9 (actim\u00e8tre) sur une p\u00e9riode de 9 jours en continu (24h\/24). Cet actim\u00e8tre enregistre au cours du temps l\u2019acc\u00e9l\u00e9ration de votre poignet, l\u2019exposition \u00e0 la lumi\u00e8re, et la temp\u00e9rature ext\u00e9rieure. Il n\u2019enregistre PAS votre localisation. Les donn\u00e9es de cet actim\u00e8tre permettront d\u2019\u00e9valuer des aspects du rythme circadien tels que la qualit\u00e9 du sommeil, la fragmentation de votre sommeil, l\u2019activit\u00e9 durant la journ\u00e9e, la r\u00e9gularit\u00e9 des phases d\u2019\u00e9veil et de sommeil. Lors de la p\u00e9riode de port de l\u2019actim\u00e8tre, nous vous demanderons \u00e9galement de renseigner quotidiennement vos heures de lever et coucher et de vos siestes dans un livret de sommeil afin d\u2019affiner nos donn\u00e9es.<\/p><p>Pour les patients suivis dans le centre m\u00e9moire \u00e0 l\u2019H\u00f4pital Fernand Widal mais aussi pour les patients vus \u00e0 l\u2019H\u00f4pital Lariboisi\u00e8re\u00a0<span style=\"font-size: 14px;\">ou \u00e0 l\u2019H\u00f4pital de Bretonneau qui ont la possibilit\u00e9 de se rendre dans le centre m\u00e9moire \u00e0 l\u2019H\u00f4pital Fernand Widal, il sera propos\u00e9\u00a0<\/span><span style=\"font-size: 14px;\">\u00e9galement de participer \u00e0 deux sous-\u00e9tudes :<br \/><\/span><span style=\"font-size: 14px;\">&#8211; la premi\u00e8re est la sous-\u00e9tude appel\u00e9e \u00ab CIRCAME-EYE \u00bb dont l\u2019objectif est d\u2019estimer les dysfonctionnements\u00a0<\/span><span style=\"font-size: 14px;\">microvasculaires et le niveau de d\u00e9g\u00e9n\u00e9rescence au niveau de l\u2019oeil. La participation qui est facultative consiste \u00e0 r\u00e9aliser des\u00a0<\/span><span style=\"font-size: 14px;\">examens de la r\u00e9tine (sous forme de photographies de l\u2019oeil) qui sont une mesure de r\u00e9fractom\u00e9trie, un fond de l\u2019oeil et un\u00a0<\/span><span style=\"font-size: 14px;\">OCT\/OCT-A (ou angiographie). Ces examens ne n\u00e9cessitent aucune administration de produit ni de goutte au niveau des yeux.<br \/><\/span><span style=\"font-size: 14px;\">&#8211; la seconde est la sous-\u00e9tude appel\u00e9e \u00ab CIRCAME-EAR \u00bb dont l\u2019objectif est d\u2019\u00e9tudier les dysfonctionnements auditifs\u00a0<\/span><span style=\"font-size: 14px;\">p\u00e9riph\u00e9riques et centraux. La participation qui est facultative consiste \u00e0 la passation de tests audiologiques fins qui permettent\u00a0<\/span><span style=\"font-size: 14px;\">une analyse de l\u2019audition au niveau de l\u2019oreille (otoscopie, tympanom\u00e9trie large-spectre, audiom\u00e9tries tonale et vocale (dans le\u00a0<\/span><span style=\"font-size: 14px;\">silence et dans le bruit) mais \u00e9galement au niveau du cerveau (potentiels \u00e9voqu\u00e9s auditifs, \u00e9lectroenc\u00e9phalogramme avec\u00a0<\/span><span style=\"font-size: 14px;\">stimulation auditive). Ces examens sont indolores, sans effet ind\u00e9sirable et ne n\u00e9cessitent aucune administration de produit.\u00a0<\/span><\/p><p><span style=\"font-size: 14px;\">Par ailleurs, nous vous demandons de bien vouloir nous donner acc\u00e8s \u00e0 votre date de naissance et votre num\u00e9ro de s\u00e9curit\u00e9\u00a0<\/span><span style=\"font-size: 14px;\">sociale, informations dont dispose le service qui vous suit dans le cadre du soin. Ces donn\u00e9es pourraient \u00eatre recueillies\u00a0<\/span><span style=\"font-size: 14px;\">ult\u00e9rieurement dans l\u2019objectif d\u2019approfondir cette recherche, apr\u00e8s une autorisation de la Commission Nationale Informatique\u00a0<\/span><span style=\"font-size: 14px;\">et Libert\u00e9 (CNIL) pour faire le lien avec vos donn\u00e9es du syst\u00e8me national des donn\u00e9es de sant\u00e9 (SNDS) de la Caisse Nationale\u00a0<\/span><span style=\"font-size: 14px;\">d\u2019Assurance Maladie (CNAM). Ces donn\u00e9es seraient alors conserv\u00e9es sur un espace d\u00e9di\u00e9 s\u00e9curis\u00e9, accessibles uniquement\u00a0<\/span><span style=\"font-size: 14px;\">par un tiers de centralisation ind\u00e9pendant de la recherche puis transmises \u00e0 la CNAM pour effectuer le lien avec vos donn\u00e9es\u00a0<\/span><span style=\"font-size: 14px;\">de sant\u00e9. Elles ne seront \u00e0 aucun moment visibles des personnes en charge de l\u2019analyse des\u00a0<\/span><span style=\"font-size: 14px;\">donn\u00e9es et n\u2019apparaitront pas avec les autres informations \u00e0 des buts de recherche.<\/span><\/p><\/div>\n\t\t\t\t<\/div>\n\t\t\t\t\t\t\t<div class=\"elementor-accordion-item\">\n\t\t\t\t\t<div id=\"elementor-tab-title-2423\" class=\"elementor-tab-title\" data-tab=\"3\" role=\"button\" aria-controls=\"elementor-tab-content-2423\" aria-expanded=\"false\">\n\t\t\t\t\t\t\t\t\t\t\t\t\t<span class=\"elementor-accordion-icon elementor-accordion-icon-left\" aria-hidden=\"true\">\n\t\t\t\t\t\t\t\t\t\t\t\t\t\t\t<span class=\"elementor-accordion-icon-closed\"><svg class=\"e-font-icon-svg e-fas-plus\" viewBox=\"0 0 448 512\" xmlns=\"http:\/\/www.w3.org\/2000\/svg\"><path d=\"M416 208H272V64c0-17.67-14.33-32-32-32h-32c-17.67 0-32 14.33-32 32v144H32c-17.67 0-32 14.33-32 32v32c0 17.67 14.33 32 32 32h144v144c0 17.67 14.33 32 32 32h32c17.67 0 32-14.33 32-32V304h144c17.67 0 32-14.33 32-32v-32c0-17.67-14.33-32-32-32z\"><\/path><\/svg><\/span>\n\t\t\t\t\t\t\t\t<span class=\"elementor-accordion-icon-opened\"><svg class=\"e-font-icon-svg e-fas-minus\" viewBox=\"0 0 448 512\" xmlns=\"http:\/\/www.w3.org\/2000\/svg\"><path d=\"M416 208H32c-17.67 0-32 14.33-32 32v32c0 17.67 14.33 32 32 32h384c17.67 0 32-14.33 32-32v-32c0-17.67-14.33-32-32-32z\"><\/path><\/svg><\/span>\n\t\t\t\t\t\t\t\t\t\t\t\t\t\t<\/span>\n\t\t\t\t\t\t\t\t\t\t\t\t<a class=\"elementor-accordion-title\" tabindex=\"0\">Quel est le calendrier de la recherche ?<\/a>\n\t\t\t\t\t<\/div>\n\t\t\t\t\t<div id=\"elementor-tab-content-2423\" class=\"elementor-tab-content elementor-clearfix\" data-tab=\"3\" role=\"region\" aria-labelledby=\"elementor-tab-title-2423\"><p>La dur\u00e9e pr\u00e9visionnelle de la recherche est de 15 ann\u00e9es suite \u00e0 la fin de la p\u00e9riode d\u2019inclusion (2024-2026) et votre participation sera de 18 ans maximum (visite d\u2019inclusion entre 2024-2026 et p\u00e9riode de suivi de 15 ans via vos consultations habituelles au centre m\u00e9moire et \u00e9ventuellement les bases de donn\u00e9es de sant\u00e9 de la CNAM). Une personne de l\u2019\u00e9tude CIRCAME vous contactera prochainement pour discuter avec vous si vous avez des questions et savoir si vous acceptez de participer \u00e0 l\u2019\u00e9tude. Si vous acceptez, les prochaines \u00e9tapes de l\u2019\u00e9tude seront les suivantes :<\/p><ul><li>Un rendez-vous vous sera propos\u00e9 pour une visite d\u2019inclusion \u00e0 la suite de l\u2019une de vos visites avec votre clinicien au centre m\u00e9moire.<\/li><li>Nous vous demandons d\u2019identifier un proche (\u00e9poux\/\u00e9pouse, enfant, fr\u00e8re ou s\u0153ur) afin qu\u2019il puisse vous accompagner lors de la visite d\u2019inclusion pour, si besoin, vous aider \u00e0 r\u00e9pondre \u00e0 certaines des questions.<\/li><li>Une visite d\u2019inclusion d\u2019une dur\u00e9e d\u2019environ 90 minutes.<\/li><li>Enfin, afin de pouvoir \u00e9valuer les facteurs qui influencent l\u2019\u00e9volution de votre sant\u00e9, nous demanderons l\u2019acc\u00e8s aux donn\u00e9es cliniques de vos visites pass\u00e9es et futures \u00e0 votre m\u00e9decin du centre m\u00e9moire et dans le cadre d\u2019une recherche potentielle future aux donn\u00e9es de sant\u00e9 issues des bases de l\u2019Assurance Maladie vous concernant (\u00e0 partir de 1 an avant la visite d\u2019inclusion et jusqu\u2019\u00e0 la fin de l&rsquo;\u00e9tude).<\/li><\/ul><\/div>\n\t\t\t\t<\/div>\n\t\t\t\t\t\t\t<div class=\"elementor-accordion-item\">\n\t\t\t\t\t<div id=\"elementor-tab-title-2424\" class=\"elementor-tab-title\" data-tab=\"4\" role=\"button\" aria-controls=\"elementor-tab-content-2424\" aria-expanded=\"false\">\n\t\t\t\t\t\t\t\t\t\t\t\t\t<span class=\"elementor-accordion-icon elementor-accordion-icon-left\" aria-hidden=\"true\">\n\t\t\t\t\t\t\t\t\t\t\t\t\t\t\t<span class=\"elementor-accordion-icon-closed\"><svg class=\"e-font-icon-svg e-fas-plus\" viewBox=\"0 0 448 512\" xmlns=\"http:\/\/www.w3.org\/2000\/svg\"><path d=\"M416 208H272V64c0-17.67-14.33-32-32-32h-32c-17.67 0-32 14.33-32 32v144H32c-17.67 0-32 14.33-32 32v32c0 17.67 14.33 32 32 32h144v144c0 17.67 14.33 32 32 32h32c17.67 0 32-14.33 32-32V304h144c17.67 0 32-14.33 32-32v-32c0-17.67-14.33-32-32-32z\"><\/path><\/svg><\/span>\n\t\t\t\t\t\t\t\t<span class=\"elementor-accordion-icon-opened\"><svg class=\"e-font-icon-svg e-fas-minus\" viewBox=\"0 0 448 512\" xmlns=\"http:\/\/www.w3.org\/2000\/svg\"><path d=\"M416 208H32c-17.67 0-32 14.33-32 32v32c0 17.67 14.33 32 32 32h384c17.67 0 32-14.33 32-32v-32c0-17.67-14.33-32-32-32z\"><\/path><\/svg><\/span>\n\t\t\t\t\t\t\t\t\t\t\t\t\t\t<\/span>\n\t\t\t\t\t\t\t\t\t\t\t\t<a class=\"elementor-accordion-title\" tabindex=\"0\">Quels sont les b\u00e9n\u00e9fices li\u00e9s \u00e0 votre participation ?<\/a>\n\t\t\t\t\t<\/div>\n\t\t\t\t\t<div id=\"elementor-tab-content-2424\" class=\"elementor-tab-content elementor-clearfix\" data-tab=\"4\" role=\"region\" aria-labelledby=\"elementor-tab-title-2424\"><p>\u00a0En participant \u00e0 cette recherche vous b\u00e9n\u00e9ficierez des \u00e9l\u00e9ments suivants :<br \/><span style=\"font-size: 14px;\">&#8211; une \u00e9valuation de l\u2019audition avec un score remis \u00e0 la fin du test et son interpr\u00e9tation,<br \/><\/span><span style=\"font-size: 14px;\">&#8211; un compte rendu des donn\u00e9es d\u2019actim\u00e8tre remis au clinicien dans l\u2019ann\u00e9e qui suit la visite d\u2019inclusion, il comprendra des informations sur le niveau d\u2019activit\u00e9 physique, les p\u00e9riodes de sommeil, et l\u2019exposition \u00e0 la lumi\u00e8re. Bien qu\u2019il ne s\u2019agisse pas d\u2019un outil de diagnostic, cela vous permettra de discuter avec votre clinicien de ces param\u00e8tres.<\/span><\/p><p>Pour les patients acceptant de participer \u00e0 la sous-\u00e9tude CIRCAME-EYE comprenant un examen de la r\u00e9tine (r\u00e9fractom\u00e9trie,\u00a0<span style=\"font-size: 14px;\">fond de l\u2019oeil, OCT\/OCT-A), un compte-rendu de l\u2019examen sera confi\u00e9 \u00e0 l\u2019infirmi\u00e8re de recherche et l\u2019orthoptiste que vous avez\u00a0<\/span><span style=\"font-size: 14px;\">rencontr\u00e9s lors de la visite d\u2019inclusion qui sera en charge de vous en informer. Si l\u2019examen sugg\u00e9rait l\u2019existence d\u2019une potentielle\u00a0<\/span><span style=\"font-size: 14px;\">maladie non-d\u00e9j\u00e0 connue, un clinicien vous contactera pour en parler et vous proposer de transf\u00e9rer les r\u00e9sultats de votre\u00a0<\/span><span style=\"font-size: 14px;\">examen \u00e0 votre ophtalmologiste si vous en avez un, ou un ophtalmologiste partenaire le cas \u00e9ch\u00e9ant, pour une consultation\u00a0<\/span><span style=\"font-size: 14px;\">ult\u00e9rieure approfondie. Cet examen se faisant dans le cadre de la recherche et non du soin (pas de gouttes de dilatation, un\u00a0<\/span><span style=\"font-size: 14px;\">seul oeil si l\u2019examen s\u2019av\u00e8re compliqu\u00e9), les r\u00e9sultats de ce compte-rendu seront d\u2019ordre indicatif et ne pourront tenir lieu de\u00a0<\/span><span style=\"font-size: 14px;\">diagnostic. En cas de doute, il est conseill\u00e9 de consulter votre ophtalmologiste.<\/span><\/p><p>Pour les patients acceptant de participer \u00e0 la sous-\u00e9tude CIRCAME-EAR comprenant un examen audiologique approfondi, un\u00a0<span style=\"font-size: 14px;\">compte-rendu de l\u2019audiogramme r\u00e9alis\u00e9 vous sera confi\u00e9 par l\u2019infirmi\u00e8re de recherche clinique ou le technicien vous ayant re\u00e7u\u00a0<\/span><span style=\"font-size: 14px;\">pour les examens. Si l\u2019examen sugg\u00e9rait l\u2019existence d\u2019une moindre anomalie, un clinicien vous contactera pour vous informer\u00a0<\/span><span style=\"font-size: 14px;\">de prendre rendez-vous avec votre ORL si vous en avez un, ou un ORL partenaire le cas \u00e9ch\u00e9ant. Cet examen se faisant dans\u00a0<\/span>le cadre de la recherche et non du soin, les r\u00e9sultats de ce compte-rendu seront d\u2019ordre indicatif et ne pourront tenir lieu de\u00a0<span style=\"font-size: 14px;\">diagnostic. En cas de doute, il est conseill\u00e9 de consulter votre ORL.\u00a0<\/span><\/p><p>Par ailleurs, de fa\u00e7on g\u00e9n\u00e9rale, de par votre participation, vous contribuerez \u00e0 apporter des connaissances concernant les\u00a0<span style=\"font-size: 14px;\">facteurs individuels qui pourraient permettre d\u2019am\u00e9liorer \u00e0 la fois le diagnostic et le pronostic de la maladie d\u2019Alzheimer et des\u00a0<\/span><span style=\"font-size: 14px;\">maladies apparent\u00e9es et de leurs diff\u00e9rents stades. Ainsi, les r\u00e9sultats de cette recherche pourraient \u00eatre utiles \u00e0 l\u2019\u00e9laboration\u00a0<\/span><span style=\"font-size: 14px;\">de nouvelles approches th\u00e9rapeutiques pour am\u00e9liorer la qualit\u00e9 de vie des patients.<\/span><\/p><\/div>\n\t\t\t\t<\/div>\n\t\t\t\t\t\t\t<div class=\"elementor-accordion-item\">\n\t\t\t\t\t<div id=\"elementor-tab-title-2425\" class=\"elementor-tab-title\" data-tab=\"5\" role=\"button\" aria-controls=\"elementor-tab-content-2425\" aria-expanded=\"false\">\n\t\t\t\t\t\t\t\t\t\t\t\t\t<span class=\"elementor-accordion-icon elementor-accordion-icon-left\" aria-hidden=\"true\">\n\t\t\t\t\t\t\t\t\t\t\t\t\t\t\t<span class=\"elementor-accordion-icon-closed\"><svg class=\"e-font-icon-svg e-fas-plus\" viewBox=\"0 0 448 512\" xmlns=\"http:\/\/www.w3.org\/2000\/svg\"><path d=\"M416 208H272V64c0-17.67-14.33-32-32-32h-32c-17.67 0-32 14.33-32 32v144H32c-17.67 0-32 14.33-32 32v32c0 17.67 14.33 32 32 32h144v144c0 17.67 14.33 32 32 32h32c17.67 0 32-14.33 32-32V304h144c17.67 0 32-14.33 32-32v-32c0-17.67-14.33-32-32-32z\"><\/path><\/svg><\/span>\n\t\t\t\t\t\t\t\t<span class=\"elementor-accordion-icon-opened\"><svg class=\"e-font-icon-svg e-fas-minus\" viewBox=\"0 0 448 512\" xmlns=\"http:\/\/www.w3.org\/2000\/svg\"><path d=\"M416 208H32c-17.67 0-32 14.33-32 32v32c0 17.67 14.33 32 32 32h384c17.67 0 32-14.33 32-32v-32c0-17.67-14.33-32-32-32z\"><\/path><\/svg><\/span>\n\t\t\t\t\t\t\t\t\t\t\t\t\t\t<\/span>\n\t\t\t\t\t\t\t\t\t\t\t\t<a class=\"elementor-accordion-title\" tabindex=\"0\">Quels sont les traitements autoris\u00e9s et non autoris\u00e9s ?<\/a>\n\t\t\t\t\t<\/div>\n\t\t\t\t\t<div id=\"elementor-tab-content-2425\" class=\"elementor-tab-content elementor-clearfix\" data-tab=\"5\" role=\"region\" aria-labelledby=\"elementor-tab-title-2425\"><p>La participation \u00e0 cette recherche ne doit pas entraver vos traitements. Il n\u2019est pas n\u00e9cessaire de changer vos habitudes.<\/p><\/div>\n\t\t\t\t<\/div>\n\t\t\t\t\t\t\t<div class=\"elementor-accordion-item\">\n\t\t\t\t\t<div id=\"elementor-tab-title-2426\" class=\"elementor-tab-title\" data-tab=\"6\" role=\"button\" aria-controls=\"elementor-tab-content-2426\" aria-expanded=\"false\">\n\t\t\t\t\t\t\t\t\t\t\t\t\t<span class=\"elementor-accordion-icon elementor-accordion-icon-left\" aria-hidden=\"true\">\n\t\t\t\t\t\t\t\t\t\t\t\t\t\t\t<span class=\"elementor-accordion-icon-closed\"><svg class=\"e-font-icon-svg e-fas-plus\" viewBox=\"0 0 448 512\" xmlns=\"http:\/\/www.w3.org\/2000\/svg\"><path d=\"M416 208H272V64c0-17.67-14.33-32-32-32h-32c-17.67 0-32 14.33-32 32v144H32c-17.67 0-32 14.33-32 32v32c0 17.67 14.33 32 32 32h144v144c0 17.67 14.33 32 32 32h32c17.67 0 32-14.33 32-32V304h144c17.67 0 32-14.33 32-32v-32c0-17.67-14.33-32-32-32z\"><\/path><\/svg><\/span>\n\t\t\t\t\t\t\t\t<span class=\"elementor-accordion-icon-opened\"><svg class=\"e-font-icon-svg e-fas-minus\" viewBox=\"0 0 448 512\" xmlns=\"http:\/\/www.w3.org\/2000\/svg\"><path d=\"M416 208H32c-17.67 0-32 14.33-32 32v32c0 17.67 14.33 32 32 32h384c17.67 0 32-14.33 32-32v-32c0-17.67-14.33-32-32-32z\"><\/path><\/svg><\/span>\n\t\t\t\t\t\t\t\t\t\t\t\t\t\t<\/span>\n\t\t\t\t\t\t\t\t\t\t\t\t<a class=\"elementor-accordion-title\" tabindex=\"0\">Quels sont les risques et les contraintes pr\u00e9visibles ajout\u00e9s par la recherche ?<\/a>\n\t\t\t\t\t<\/div>\n\t\t\t\t\t<div id=\"elementor-tab-content-2426\" class=\"elementor-tab-content elementor-clearfix\" data-tab=\"6\" role=\"region\" aria-labelledby=\"elementor-tab-title-2426\"><p><u>Engagement en mati\u00e8re de temps :<\/u> la visite d\u2019inclusion devrait durer environ 90 minutes. Le rendez-vous sera pris en fonction de vos rendez-vous au centre m\u00e9moire et de vos disponibilit\u00e9s.<\/p>\n<p><u>Le pr\u00e9l\u00e8vement sanguin<\/u> peut entra\u00eener une sensation d\u00e9sagr\u00e9able transitoire au moment de la piq\u00fbre, ainsi qu\u2019un h\u00e9matome au point de ponction.<\/p>\n<p><u>Le test de l\u2019audition<\/u> sera r\u00e9alis\u00e9 lors de la visite d\u2019inclusion. Il dure environ 3 \u00e0 4 min et ne comporte aucun risque ni contrainte, si ce n\u2019est d\u2019enlever vos appareils auditifs si vous en portez au moment du test.<\/p>\n<p><u>Port d\u2019un actim\u00e8tre sur une p\u00e9riode de 10 jours :<\/u> nous vous demandons de porter un actim\u00e8tre, sur votre poignet non-dominant comme une montre, sur une p\u00e9riode de 10 jours sans l\u2019enlever quelles que soient vos activit\u00e9s. Il est \u00e9galement demand\u00e9 de compl\u00e9ter un livret de sommeil durant la p\u00e9riode de port de l\u2019actim\u00e8tre. A la fin de la p\u00e9riode de port, nous vous prions de nous le renvoyer par la poste \u00e0 partir de l\u2019enveloppe pr\u00e9timbr\u00e9e fournie ou de le rapporter au centre m\u00e9moire, selon votre pr\u00e9f\u00e9rence. Des explications relatives au port de l\u2019actim\u00e8tre et au livret de sommeil sont indiqu\u00e9es dans l\u2019onglet \u00ab\u00a0En ce qui concerne l\u2019acc\u00e9l\u00e8rom\u00e9trie\u00a0\u00bb.<\/p>\n<p><u>Examens de la r\u00e9tine pour les patients acceptant de participer \u00e0 la sous-\u00e9tude CIRCAME-EYE :<\/u> aucune administration de&nbsp;<span style=\"font-size: 14px;\">produit, ni goutte dans les yeux n\u2019est n\u00e9cessaire. L\u2019examen dure de 15 \u00e0 20 min. Si vous \u00eates suivis au centre m\u00e9moire de&nbsp;<\/span><span style=\"font-size: 14px;\">Fernand-Widal, l\u2019examen sera organis\u00e9 le jour de votre visite d\u2019inclusion. Si cela n\u2019est pas possible il ne vous sera demand\u00e9&nbsp;<\/span><span style=\"font-size: 14px;\">de revenir \u00e0 l\u2019h\u00f4pital sp\u00e9cifiquement pour cet examen que si vous le souhaitez. Si vous \u00eates suivis \u00e0 l\u2019H\u00f4pital Lariboisi\u00e8re ou \u00e0&nbsp;<\/span><span style=\"font-size: 14px;\">l\u2019H\u00f4pital de Bretonneau et que vous pouvez vous rendre \u00e0 Fernand-Widal par vos propres moyens, l\u2019examen sera organis\u00e9 au&nbsp;<\/span><span style=\"font-size: 14px;\">centre m\u00e9moire de Fernand-Widal \u00e0 une date ult\u00e9rieure \u00e0 la visite d\u2019inclusion. Le remboursement de vos frais de transport vous&nbsp;<\/span><span style=\"font-size: 14px;\">sera propos\u00e9.<\/span><\/p>\n<p><u>Examens de l\u2019audition pour les patients acceptant de participer \u00e0 la sous-\u00e9tude CIRCAME-EAR :<\/u> aucune administration de&nbsp;<span style=\"font-size: 14px;\">produit n\u2019est n\u00e9cessaire et les examens sont parfaitement indolores. L\u2019examen dure environ 120 min si toutes les mesures sont&nbsp;<\/span><span style=\"font-size: 14px;\">r\u00e9alis\u00e9es. Si vous \u00eates suivi au centre m\u00e9moire de Fernand-Widal, l\u2019examen sera organis\u00e9 le jour de votre visite d\u2019inclusion. Si&nbsp;<\/span><span style=\"font-size: 14px;\">cela n\u2019est pas possible, il vous sera propos\u00e9 de revenir \u00e0 l\u2019h\u00f4pital sp\u00e9cifiquement pour cet examen, uniquement si vous le&nbsp;<\/span><span style=\"font-size: 14px;\">souhaitez, ou lors de votre prochaine visite de suivi avec votre m\u00e9decin.<\/span><\/p>\n<p><span style=\"font-size: 14px;\">Si vous acceptez de participer, vous devrez respecter les points suivants :&nbsp;<br><\/span><span style=\"font-size: 14px;\">&#8211; Venir \u00e0 la visite d\u2019inclusion avec votre ordonnance de vos traitements en cours, si vous en avez. En cas d\u2019impossibilit\u00e9 de venir au rendez-vous, nous vous remercions d\u2019informer votre clinicien le plus rapidement possible.&nbsp;<br><\/span><span style=\"font-size: 14px;\">&#8211;&nbsp; Etre affili\u00e9(e) \u00e0 un r\u00e9gime de s\u00e9curit\u00e9 sociale ou \u00eatre b\u00e9n\u00e9ficiaire d\u2019un tel r\u00e9gime.&nbsp;<br><\/span><span style=\"font-size: 14px;\">&#8211;&nbsp; Ne pas \u00eatre allergique au plastique (le port de l\u2019actim\u00e8tre pourrait cr\u00e9er une r\u00e9action allergique).<br><\/span><span style=\"font-size: 14px;\">&#8211; Ne pas faire l\u2019objet de mesures de protection l\u00e9gale.&nbsp;<br><\/span><span style=\"font-size: 14px;\">&#8211; Ne pas participer \u00e0 une autre \u00e9tude interventionnelle pouvant avoir un impact sur le rythme circadien au moment de l\u2019inclusion et pendant la p\u00e9riode de port de l\u2019acc\u00e9l\u00e9rom\u00e8tre (10 jours \u00e0 partir de la visite d\u2019inclusion). Vous pouvez en discuter avec votre m\u00e9decin si vous avez des doutes \u00e0 ce sujet.<br><\/span><span style=\"font-size: 14px;\">&#8211; Informer votre m\u00e9decin si vous prenez part ult\u00e9rieurement \u00e0 une autre \u00e9tude interventionnelle afin que nous puissions en tenir compte dans votre suivi.<\/span><\/p><\/div>\n\t\t\t\t<\/div>\n\t\t\t\t\t\t\t<div class=\"elementor-accordion-item\">\n\t\t\t\t\t<div id=\"elementor-tab-title-2427\" class=\"elementor-tab-title\" data-tab=\"7\" role=\"button\" aria-controls=\"elementor-tab-content-2427\" aria-expanded=\"false\">\n\t\t\t\t\t\t\t\t\t\t\t\t\t<span class=\"elementor-accordion-icon elementor-accordion-icon-left\" aria-hidden=\"true\">\n\t\t\t\t\t\t\t\t\t\t\t\t\t\t\t<span class=\"elementor-accordion-icon-closed\"><svg class=\"e-font-icon-svg e-fas-plus\" viewBox=\"0 0 448 512\" xmlns=\"http:\/\/www.w3.org\/2000\/svg\"><path d=\"M416 208H272V64c0-17.67-14.33-32-32-32h-32c-17.67 0-32 14.33-32 32v144H32c-17.67 0-32 14.33-32 32v32c0 17.67 14.33 32 32 32h144v144c0 17.67 14.33 32 32 32h32c17.67 0 32-14.33 32-32V304h144c17.67 0 32-14.33 32-32v-32c0-17.67-14.33-32-32-32z\"><\/path><\/svg><\/span>\n\t\t\t\t\t\t\t\t<span class=\"elementor-accordion-icon-opened\"><svg class=\"e-font-icon-svg e-fas-minus\" viewBox=\"0 0 448 512\" xmlns=\"http:\/\/www.w3.org\/2000\/svg\"><path d=\"M416 208H32c-17.67 0-32 14.33-32 32v32c0 17.67 14.33 32 32 32h384c17.67 0 32-14.33 32-32v-32c0-17.67-14.33-32-32-32z\"><\/path><\/svg><\/span>\n\t\t\t\t\t\t\t\t\t\t\t\t\t\t<\/span>\n\t\t\t\t\t\t\t\t\t\t\t\t<a class=\"elementor-accordion-title\" tabindex=\"0\">Quel impact la participation \u00e0 l'\u00e9tude aura-t-elle sur mon suivi m\u00e9dical ?<\/a>\n\t\t\t\t\t<\/div>\n\t\t\t\t\t<div id=\"elementor-tab-content-2427\" class=\"elementor-tab-content elementor-clearfix\" data-tab=\"7\" role=\"region\" aria-labelledby=\"elementor-tab-title-2427\"><p>Que vous acceptiez ou non de participer \u00e0 l\u2019\u00e9tude, il n\u2019y aura aucun impact sur votre suivi m\u00e9dical. Celui-ci reste enti\u00e8rement ind\u00e9pendant de l\u2019\u00e9tude et les m\u00e9decins continueront \u00e0 vous apporter les meilleurs soins possibles.<\/p><\/div>\n\t\t\t\t<\/div>\n\t\t\t\t\t\t\t\t<\/div>\n\t\t\t\t<\/div>\n\t\t\t\t<\/div>\n\t\t\t\t\t<\/div>\n\t\t\t\t<\/div>\n\t\t\t\t\t\t\t<\/div>\n\t\t","protected":false},"excerpt":{"rendered":"<p>Quel est le but de cette recherche ? Cette recherche porte sur l\u2019\u00e9valuation des perturbations du rythme circadien (d\u00e9synchronisation des p\u00e9riodes veille\/sommeil avec le rythme de 24 heures jour\/nuit) aupr\u00e8s de patients de centre m\u00e9moire. L\u2019objectif de recherche est d\u2019identifier les perturbations du rythme circadien associ\u00e9es \u00e0 diff\u00e9rents troubles neurocognitifs, \u00e0 partir d\u2019une \u00e9tude observationnelle [&hellip;]<\/p>\n","protected":false},"author":1,"featured_media":0,"parent":0,"menu_order":0,"comment_status":"closed","ping_status":"closed","template":"","meta":{"footnotes":""},"class_list":["post-38","page","type-page","status-publish","hentry","entry"],"yoast_head":"<!-- This site is optimized with the Yoast SEO plugin v21.7 - https:\/\/yoast.com\/wordpress\/plugins\/seo\/ -->\n<title>Questions fr\u00e9quentes - WordPress<\/title>\n<meta name=\"description\" content=\"Cette page liste les questions courantes li\u00e9es \u00e0 la collecte de donn\u00e9es de la cohorte CIRCAME.\" \/>\n<meta name=\"robots\" content=\"index, follow, max-snippet:-1, max-image-preview:large, max-video-preview:-1\" \/>\n<link rel=\"canonical\" href=\"https:\/\/circame.fr\/index.php\/cohorte-circame-8\/\" \/>\n<meta property=\"og:locale\" content=\"fr_FR\" \/>\n<meta property=\"og:type\" content=\"article\" \/>\n<meta property=\"og:title\" content=\"Questions fr\u00e9quentes - WordPress\" \/>\n<meta property=\"og:description\" content=\"Cette page liste les questions courantes li\u00e9es \u00e0 la collecte de donn\u00e9es de la cohorte CIRCAME.\" \/>\n<meta property=\"og:url\" content=\"https:\/\/circame.fr\/index.php\/cohorte-circame-8\/\" \/>\n<meta property=\"og:site_name\" content=\"WordPress\" \/>\n<meta property=\"article:modified_time\" content=\"2026-02-03T14:10:23+00:00\" \/>\n<meta name=\"twitter:card\" content=\"summary_large_image\" \/>\n<meta name=\"twitter:label1\" content=\"Dur\u00e9e de lecture estim\u00e9e\" \/>\n\t<meta name=\"twitter:data1\" content=\"11 minutes\" \/>\n<script type=\"application\/ld+json\" class=\"yoast-schema-graph\">{\"@context\":\"https:\/\/schema.org\",\"@graph\":[{\"@type\":\"WebPage\",\"@id\":\"https:\/\/circame.fr\/index.php\/cohorte-circame-8\/\",\"url\":\"https:\/\/circame.fr\/index.php\/cohorte-circame-8\/\",\"name\":\"Questions fr\u00e9quentes - WordPress\",\"isPartOf\":{\"@id\":\"https:\/\/circame.fr\/#website\"},\"datePublished\":\"2023-12-13T14:12:38+00:00\",\"dateModified\":\"2026-02-03T14:10:23+00:00\",\"description\":\"Cette page liste les questions courantes li\u00e9es \u00e0 la collecte de donn\u00e9es de la cohorte CIRCAME.\",\"breadcrumb\":{\"@id\":\"https:\/\/circame.fr\/index.php\/cohorte-circame-8\/#breadcrumb\"},\"inLanguage\":\"fr-FR\",\"potentialAction\":[{\"@type\":\"ReadAction\",\"target\":[\"https:\/\/circame.fr\/index.php\/cohorte-circame-8\/\"]}]},{\"@type\":\"BreadcrumbList\",\"@id\":\"https:\/\/circame.fr\/index.php\/cohorte-circame-8\/#breadcrumb\",\"itemListElement\":[{\"@type\":\"ListItem\",\"position\":1,\"name\":\"Accueil\",\"item\":\"https:\/\/circame.fr\/\"},{\"@type\":\"ListItem\",\"position\":2,\"name\":\"Questions fr\u00e9quentes\"}]},{\"@type\":\"WebSite\",\"@id\":\"https:\/\/circame.fr\/#website\",\"url\":\"https:\/\/circame.fr\/\",\"name\":\"Circame\",\"description\":\"Un site utilisant WordPress\",\"publisher\":{\"@id\":\"https:\/\/circame.fr\/#organization\"},\"potentialAction\":[{\"@type\":\"SearchAction\",\"target\":{\"@type\":\"EntryPoint\",\"urlTemplate\":\"https:\/\/circame.fr\/?s={search_term_string}\"},\"query-input\":\"required name=search_term_string\"}],\"inLanguage\":\"fr-FR\"},{\"@type\":\"Organization\",\"@id\":\"https:\/\/circame.fr\/#organization\",\"name\":\"Circame\",\"url\":\"https:\/\/circame.fr\/\",\"logo\":{\"@type\":\"ImageObject\",\"inLanguage\":\"fr-FR\",\"@id\":\"https:\/\/circame.fr\/#\/schema\/logo\/image\/\",\"url\":\"https:\/\/circame.fr\/wp-content\/uploads\/2023\/12\/logo.png\",\"contentUrl\":\"https:\/\/circame.fr\/wp-content\/uploads\/2023\/12\/logo.png\",\"width\":1097,\"height\":310,\"caption\":\"Circame\"},\"image\":{\"@id\":\"https:\/\/circame.fr\/#\/schema\/logo\/image\/\"}}]}<\/script>\n<!-- \/ Yoast SEO plugin. -->","yoast_head_json":{"title":"Questions fr\u00e9quentes - WordPress","description":"Cette page liste les questions courantes li\u00e9es \u00e0 la collecte de donn\u00e9es de la cohorte CIRCAME.","robots":{"index":"index","follow":"follow","max-snippet":"max-snippet:-1","max-image-preview":"max-image-preview:large","max-video-preview":"max-video-preview:-1"},"canonical":"https:\/\/circame.fr\/index.php\/cohorte-circame-8\/","og_locale":"fr_FR","og_type":"article","og_title":"Questions fr\u00e9quentes - WordPress","og_description":"Cette page liste les questions courantes li\u00e9es \u00e0 la collecte de donn\u00e9es de la cohorte CIRCAME.","og_url":"https:\/\/circame.fr\/index.php\/cohorte-circame-8\/","og_site_name":"WordPress","article_modified_time":"2026-02-03T14:10:23+00:00","twitter_card":"summary_large_image","twitter_misc":{"Dur\u00e9e de lecture estim\u00e9e":"11 minutes"},"schema":{"@context":"https:\/\/schema.org","@graph":[{"@type":"WebPage","@id":"https:\/\/circame.fr\/index.php\/cohorte-circame-8\/","url":"https:\/\/circame.fr\/index.php\/cohorte-circame-8\/","name":"Questions fr\u00e9quentes - WordPress","isPartOf":{"@id":"https:\/\/circame.fr\/#website"},"datePublished":"2023-12-13T14:12:38+00:00","dateModified":"2026-02-03T14:10:23+00:00","description":"Cette page liste les questions courantes li\u00e9es \u00e0 la collecte de donn\u00e9es de la cohorte CIRCAME.","breadcrumb":{"@id":"https:\/\/circame.fr\/index.php\/cohorte-circame-8\/#breadcrumb"},"inLanguage":"fr-FR","potentialAction":[{"@type":"ReadAction","target":["https:\/\/circame.fr\/index.php\/cohorte-circame-8\/"]}]},{"@type":"BreadcrumbList","@id":"https:\/\/circame.fr\/index.php\/cohorte-circame-8\/#breadcrumb","itemListElement":[{"@type":"ListItem","position":1,"name":"Accueil","item":"https:\/\/circame.fr\/"},{"@type":"ListItem","position":2,"name":"Questions fr\u00e9quentes"}]},{"@type":"WebSite","@id":"https:\/\/circame.fr\/#website","url":"https:\/\/circame.fr\/","name":"Circame","description":"Un site utilisant WordPress","publisher":{"@id":"https:\/\/circame.fr\/#organization"},"potentialAction":[{"@type":"SearchAction","target":{"@type":"EntryPoint","urlTemplate":"https:\/\/circame.fr\/?s={search_term_string}"},"query-input":"required name=search_term_string"}],"inLanguage":"fr-FR"},{"@type":"Organization","@id":"https:\/\/circame.fr\/#organization","name":"Circame","url":"https:\/\/circame.fr\/","logo":{"@type":"ImageObject","inLanguage":"fr-FR","@id":"https:\/\/circame.fr\/#\/schema\/logo\/image\/","url":"https:\/\/circame.fr\/wp-content\/uploads\/2023\/12\/logo.png","contentUrl":"https:\/\/circame.fr\/wp-content\/uploads\/2023\/12\/logo.png","width":1097,"height":310,"caption":"Circame"},"image":{"@id":"https:\/\/circame.fr\/#\/schema\/logo\/image\/"}}]}},"_links":{"self":[{"href":"https:\/\/circame.fr\/index.php\/wp-json\/wp\/v2\/pages\/38","targetHints":{"allow":["GET"]}}],"collection":[{"href":"https:\/\/circame.fr\/index.php\/wp-json\/wp\/v2\/pages"}],"about":[{"href":"https:\/\/circame.fr\/index.php\/wp-json\/wp\/v2\/types\/page"}],"author":[{"embeddable":true,"href":"https:\/\/circame.fr\/index.php\/wp-json\/wp\/v2\/users\/1"}],"replies":[{"embeddable":true,"href":"https:\/\/circame.fr\/index.php\/wp-json\/wp\/v2\/comments?post=38"}],"version-history":[{"count":10,"href":"https:\/\/circame.fr\/index.php\/wp-json\/wp\/v2\/pages\/38\/revisions"}],"predecessor-version":[{"id":342,"href":"https:\/\/circame.fr\/index.php\/wp-json\/wp\/v2\/pages\/38\/revisions\/342"}],"wp:attachment":[{"href":"https:\/\/circame.fr\/index.php\/wp-json\/wp\/v2\/media?parent=38"}],"curies":[{"name":"wp","href":"https:\/\/api.w.org\/{rel}","templated":true}]}}